{"id":3780,"date":"2022-08-23T11:25:20","date_gmt":"2022-08-23T09:25:20","guid":{"rendered":"https:\/\/www.weckerle-lacke.de\/industries-applications\/construction-industry\/"},"modified":"2024-04-15T22:08:26","modified_gmt":"2024-04-15T20:08:26","slug":"construction-industry","status":"publish","type":"page","link":"https:\/\/www.weckerle-lacke.de\/en\/industries-applications\/construction-industry\/","title":{"rendered":"Construction and agricultural machinery"},"content":{"rendered":"\n\n<div id=\"header-statisch-block_18abf06f47905ce94667bb64ccb26bb3\" class=\"header-bild-statisch reveal\">\n    <img decoding=\"async\" width=\"1920\" height=\"800\" src=\"https:\/\/www.weckerle-lacke.de\/wp-content\/uploads\/sites\/6\/2022\/09\/korrosionsschutzlack-rohre-berlac-weckerle.jpg\" class=\"attachment-image-big size-image-big\" alt=\"\" srcset=\"https:\/\/www.weckerle-lacke.de\/wp-content\/uploads\/sites\/6\/2022\/09\/korrosionsschutzlack-rohre-berlac-weckerle.jpg 1920w, https:\/\/www.weckerle-lacke.de\/wp-content\/uploads\/sites\/6\/2022\/09\/korrosionsschutzlack-rohre-berlac-weckerle-300x125.jpg 300w, https:\/\/www.weckerle-lacke.de\/wp-content\/uploads\/sites\/6\/2022\/09\/korrosionsschutzlack-rohre-berlac-weckerle-1024x427.jpg 1024w, https:\/\/www.weckerle-lacke.de\/wp-content\/uploads\/sites\/6\/2022\/09\/korrosionsschutzlack-rohre-berlac-weckerle-768x320.jpg 768w, https:\/\/www.weckerle-lacke.de\/wp-content\/uploads\/sites\/6\/2022\/09\/korrosionsschutzlack-rohre-berlac-weckerle-1536x640.jpg 1536w, https:\/\/www.weckerle-lacke.de\/wp-content\/uploads\/sites\/6\/2022\/09\/korrosionsschutzlack-rohre-berlac-weckerle-519x216.jpg 519w\" sizes=\"(max-width: 1920px) 100vw, 1920px\" \/><\/div>\n\n\n\r\n\r\n\r\n\r\n<div id=\"header-ueberschrift-text-block_7db132291322f348e82c5887f63da1bc\" class=\"header-ueberschrift-text-container\">\r\n\r\n    <div class=\"header-contact reveal reveal-right\">\r\n\r\n                    <a href=\"tel:+49711826010\">\r\n                <div class=\"contact-box telefon-box\">\r\n                    <svg id=\"local_phone-24px\" xmlns=\"http:\/\/www.w3.org\/2000\/svg\" viewBox=\"0 0 60 60\">\r\n                        <path id=\"Pfad_4337\" data-name=\"Pfad 4337\" d=\"M0,0H60V60H0Z\" fill=\"none\"\/>\r\n                        <path id=\"Pfad_4338\" data-name=\"Pfad 4338\" d=\"M13.86,26.37A45.446,45.446,0,0,0,33.63,46.14l6.6-6.6a2.983,2.983,0,0,1,3.06-.72A34.221,34.221,0,0,0,54,40.53a3.009,3.009,0,0,1,3,3V54a3.009,3.009,0,0,1-3,3A51,51,0,0,1,3,6,3.009,3.009,0,0,1,6,3H16.5a3.009,3.009,0,0,1,3,3,34.081,34.081,0,0,0,1.71,10.71,3.011,3.011,0,0,1-.75,3.06Z\"\/>\r\n                    <\/svg>\r\n                <\/div>\r\n            <\/a>\r\n            <a href=\"mailto:info@weckerle-lacke.de\">\r\n                <div class=\"contact-box mail-box\">\r\n                    <svg xmlns=\"http:\/\/www.w3.org\/2000\/svg\" viewBox=\"0 0 60 60\">\r\n                        <path id=\"Pfad_4340\" data-name=\"Pfad 4340\" d=\"M56,4H8a5.992,5.992,0,0,0-5.97,6L2,46a6.018,6.018,0,0,0,6,6H56a6.018,6.018,0,0,0,6-6V10A6.018,6.018,0,0,0,56,4Zm0,12L32,31,8,16V10L32,25,56,10Z\" transform=\"translate(-2 0)\"\/>\r\n                    <\/svg>\r\n                <\/div>\r\n            <\/a>\r\n            <\/div>\r\n\r\n    <div class=\"headline-container reveal reveal-bottom\">\r\n        <h1 class=\"headline-border-left-right\">Paint protection for  <br \/>\nConstruction and agricultural machinery<\/h1>\r\n    <\/div>\r\n\r\n    \r\n                                    <div class=\"inner\">\r\n                    \r\n                                                                        <div class=\"normal-font semibold reveal reveal-bottom long-width\">Paint coatings for special applications.<\/div>\r\n                                                <div class=\"normal-font reveal reveal-bottom long-width  \">\r\n                            <p>In the construction and agricultural machinery sector, we specialize in applications where heat resistance, resistance to heavy mechanical loads, strong corrosion protection and extensive chemical resistance are required. Decorative outer skin coatings are also offered. Our product portfolio consists exclusively of liquid paint systems, and Weckerle is a specialist supplier to the construction industry in the niche sector. We have years of experience in paint coating using the dip process.<\/p>\n<p>Coating plants with anti-corrosion coatings developed by Weckerle are in operation in Taiwan, Malaysia, the Arab Emirates, Mexico and the USA, among others.<\/p>\n<p><a href=\"https:\/\/www.weckerle-lacke.de\/en\/contact\/\">Request non-binding advice now<\/a><\/p>\n<p>&nbsp;<\/p>\n                        <\/div>\r\n\r\n                    \r\n                                                        <\/div>\r\n                        <\/div>\r\n\r\n\r\n\r\n\r\n\n\n\n<div style=\"height:100px\" aria-hidden=\"true\" class=\"wp-block-spacer\"><\/div>\n\n\n\r\n\r\n<div id=\"stoerer-mit-quicklink-block_9a30b0b4f6ba26cbec0e201af097c699\" class=\"stoerer-container only-text reveal\" style=\"background-image: url('https:\/\/www.weckerle-lacke.de\/wp-content\/uploads\/sites\/6\/2022\/10\/individuelle_loesungen.png');\">\r\n    <div class=\"inner\">\r\n        <div class=\"stoerer-text-area\">\r\n                        <div class=\"headline-container reveal reveal-left\">\r\n                <div class=\"headline-box\"><\/div>\r\n                <h2 class=\"headline-one\">We also offer individual developments<\/h2>\r\n            <\/div>\r\n                <div class=\"normal-font reveal reveal-left\"><h3><\/h3>\n<h3><span style=\"font-size: 16px\">Are you looking for a solution to a specific problem? As a partner with many years of experience, we work with you to develop customized solutions for your application.<\/span><\/h3>\n<p>&nbsp;<\/p>\n<\/div>\r\n                                            <div class=\"reveal reveal-left\">\r\n                    <a href=\"https:\/\/www.weckerle-lacke.de\/en\/contact\/\" target=\"\" class=\"load-more-button white-button\">Contact<\/a>\r\n            <\/div>\r\n                                    <\/div>\r\n    <\/div>\r\n<\/div>\n\n\n<div style=\"height:100px\" aria-hidden=\"true\" class=\"wp-block-spacer\"><\/div>\n\n\n\n\n<div id=\"bild-text-modul-rechts-zweizeilig-block_43477af9d731fc236bfa9f08ac2fe54f\" class=\"bild-text-modul-zweizeilig-container\">\n            \n            \n\n\n            \n\n                                    \n                                                    <div class=\"bild-text-modul-rechts-zweizeilig bild-text-modul-zweizeilig\">\n                                <div class=\"custom-flex-box\">\n                                    <div class=\"flex-box-fifty text-container reveal reveal-left\">\n                                        <div class=\"headline-border\"><\/div>\n                                        <div class=\"text-container-flex\">\n                                            <div class=\"text-inner\">\n\n                                                                                                                                                            <div class=\"text-left-border\">\n                                                            <div class=\"text-cut\">\n                                                                <h2>Paint protection for the outer skin of fuel tanks<\/h2>\n                                                                <div class=\"normal-font full-text\">\n                                                                    <p>Protection against stone chipping and chemical resistance are required here.<\/p>\n<p>Layer thicknesses of up to 500 \u00b5m are possible.<\/p>\n<p>Stone impact resistance test according to DIN EN ISO 20567-1:2007 procedure B up to 20kg.<\/p>\n<p>With a maximum permissible infiltration of 2 mm after 504 h Neutral salt spray test NSS<\/p>\n                                                                <\/div>\n                                                            <\/div>\n                                                            <div class=\"button-box\">\n                                                                                                                                                                                            <\/div>\n                                                        <\/div>\n                                                                                                    \n                                            <\/div>\n                                        <\/div>\n                                    <\/div>\n                                    <div class=\"flex-box-fifty bild-container reveal reveal-right\">\n                                                                                    \n                                                                                                                                                                                                                                                                    <img decoding=\"async\" width=\"319\" height=\"288\" src=\"https:\/\/www.weckerle-lacke.de\/wp-content\/uploads\/sites\/6\/2024\/03\/Bild3.png\" class=\"attachment-full size-full\" alt=\"Weckerle bietet Ihnen Lackschutz f\u00fcr den Bereich Automotive an. Das Bild zeigt Automobilteile.\" srcset=\"https:\/\/www.weckerle-lacke.de\/wp-content\/uploads\/sites\/6\/2024\/03\/Bild3.png 319w, https:\/\/www.weckerle-lacke.de\/wp-content\/uploads\/sites\/6\/2024\/03\/Bild3-300x271.png 300w\" sizes=\"(max-width: 319px) 100vw, 319px\" \/>                                                                                                    \n                                                                                                                        <\/div>\n                                <\/div>\n                            <\/div>\n                                                            \n            \n\n        \n\n\n    <\/div>\n\n\n\n<div style=\"height:100px\" aria-hidden=\"true\" class=\"wp-block-spacer\"><\/div>\n\n\n\n\n<div id=\"bild-text-modul-rechts-zweizeilig-block_846b6733135e1e2ed80f23082d7ee230\" class=\"bild-text-modul-zweizeilig-container\">\n            \n            \n\n\n            \n\n\n                                    \n\n                                                    <div class=\"bild-text-modul-links-zweizeilig bild-text-modul-zweizeilig\">\n                                <div class=\"custom-flex-box\">\n\n                                    <div class=\"flex-box-fifty bild-container reveal reveal-left\">\n                                                                                    \n                                                                                                                                                                                                                                                                    <img decoding=\"async\" width=\"1920\" height=\"1280\" src=\"https:\/\/www.weckerle-lacke.de\/wp-content\/uploads\/sites\/6\/2024\/03\/iStock-1172542141-e1711054397642.jpg\" class=\"attachment-full size-full\" alt=\"Weckerle bietet Lackschutz f\u00fcr Bremssystem. Das bild zeigt eine Bremsscheibe incl. Bremssattel\" \/>                                                                                                    \n\n                                                                                                                        <\/div>\n\n                                    <div class=\"flex-box-fifty text-container reveal reveal-right\">\n                                        <div class=\"headline-border\"><\/div>\n                                        <div class=\"text-container-flex\">\n                                            <div class=\"text-inner\">\n                                                                                                                                                            <div class=\"text-left-border\">\n                                                            <div class=\"text-cut\">\n                                                                <h2>Paint protection for brake systems, brake discs, brake drums<\/h2>\n                                                                <div class=\"normal-font full-text\">\n                                                                    <p><strong>Stone impact<br \/>\n<\/strong>Stone impact resistance test: DIN EN ISO 20567-1:2007, method B up to 2 kg<\/p>\n<p><strong>Corrosion protection<br \/>\nWe now have paint systems that offer heat resistance up to 1000\u00b0C<br \/>\n<\/strong>Neutral salt spray test NSS DIN EN ISO 9227<\/p>\n<p><strong>Heat resistance<br \/>\n<\/strong>1,000 \u00b0C or up to 650 \u00b0C with a load of up to 2 h<strong><br \/>\n<\/strong><\/p>\n<p>&nbsp;<\/p>\n<p>&nbsp;<\/p>\n                                                                <\/div>\n                                                            <\/div>\n                                                            <div class=\"button-box\">\n                                                                                                                                                                                            <\/div>\n                                                        <\/div>\n                                                                                                                                                <\/div>\n                                        <\/div>\n                                    <\/div>\n                                <\/div>\n                            <\/div>\n                                                            \n            \n\n        \n\n\n    <\/div>\n\n\n\n<div style=\"height:100px\" aria-hidden=\"true\" class=\"wp-block-spacer\"><\/div>\n\n\n\n\n<div id=\"bild-text-modul-rechts-zweizeilig-block_fd74bce14d9318409f9dd4353e696559\" class=\"bild-text-modul-zweizeilig-container\">\n            \n            \n\n\n            \n\n                                    \n                                                    <div class=\"bild-text-modul-rechts-zweizeilig bild-text-modul-zweizeilig\">\n                                <div class=\"custom-flex-box\">\n                                    <div class=\"flex-box-fifty text-container reveal reveal-left\">\n                                        <div class=\"headline-border\"><\/div>\n                                        <div class=\"text-container-flex\">\n                                            <div class=\"text-inner\">\n\n                                                                                                                                                            <div class=\"text-left-border\">\n                                                            <div class=\"text-cut\">\n                                                                <h2>Exhaust systems<\/h2>\n                                                                <div class=\"normal-font full-text\">\n                                                                    <p>Heat-resistant and extremely low smoke development when exposed to heat<br \/>up to 1,000\u00b0C<\/p>\n<p>Stone chip protection<\/p>\n<p>Corrosion protection<\/p>\n                                                                <\/div>\n                                                            <\/div>\n                                                            <div class=\"button-box\">\n                                                                                                                                                                                            <\/div>\n                                                        <\/div>\n                                                                                                    \n                                            <\/div>\n                                        <\/div>\n                                    <\/div>\n                                    <div class=\"flex-box-fifty bild-container reveal reveal-right\">\n                                                                                    \n                                                                                                                                                                                                                                                                    <img decoding=\"async\" width=\"483\" height=\"286\" src=\"https:\/\/www.weckerle-lacke.de\/wp-content\/uploads\/sites\/6\/2024\/03\/Bild6.png\" class=\"attachment-full size-full\" alt=\"Weckerle bietet Lackschutz f\u00fcr Abgassystem Endrohre  und hitzebelastete Anbauteile an. Auf dem bild sehen Sie Abgasendrohre\" srcset=\"https:\/\/www.weckerle-lacke.de\/wp-content\/uploads\/sites\/6\/2024\/03\/Bild6.png 483w, https:\/\/www.weckerle-lacke.de\/wp-content\/uploads\/sites\/6\/2024\/03\/Bild6-300x178.png 300w\" sizes=\"(max-width: 483px) 100vw, 483px\" \/>                                                                                                    \n                                                                                                                        <\/div>\n                                <\/div>\n                            <\/div>\n                                                            \n            \n\n        \n\n\n    <\/div>\n\n\n\n<div style=\"height:100px\" aria-hidden=\"true\" class=\"wp-block-spacer\"><\/div>\n\n\n\n\n<div id=\"bild-text-modul-rechts-zweizeilig-block_e473e019114f57266e20815f56dff3b8\" class=\"bild-text-modul-zweizeilig-container\">\n            \n            \n\n\n            \n\n\n                                    \n\n                                                    <div class=\"bild-text-modul-links-zweizeilig bild-text-modul-zweizeilig\">\n                                <div class=\"custom-flex-box\">\n\n                                    <div class=\"flex-box-fifty bild-container reveal reveal-left\">\n                                                                                    \n                                                                                                                                                                                                                                                                    <img decoding=\"async\" width=\"430\" height=\"387\" src=\"https:\/\/www.weckerle-lacke.de\/wp-content\/uploads\/sites\/6\/2024\/03\/Bild1.png\" class=\"attachment-full size-full\" alt=\"Weckerle bietet Ihnen Lackschutz f\u00fcr den Weckerle bietet Ihnen Lackschutz f\u00fcr den Bereich Bau und Landmaschinen an. Das Bild zeigt einen Traktor\" srcset=\"https:\/\/www.weckerle-lacke.de\/wp-content\/uploads\/sites\/6\/2024\/03\/Bild1.png 430w, https:\/\/www.weckerle-lacke.de\/wp-content\/uploads\/sites\/6\/2024\/03\/Bild1-300x270.png 300w\" sizes=\"(max-width: 430px) 100vw, 430px\" \/>                                                                                                    \n\n                                                                                                                        <\/div>\n\n                                    <div class=\"flex-box-fifty text-container reveal reveal-right\">\n                                        <div class=\"headline-border\"><\/div>\n                                        <div class=\"text-container-flex\">\n                                            <div class=\"text-inner\">\n                                                                                                                                                            <div class=\"text-left-border\">\n                                                            <div class=\"text-cut\">\n                                                                <h2>Paint protection for plastic parts<\/h2>\n                                                                <div class=\"normal-font full-text\">\n                                                                    <p>Heat-resistant up to 220\u00b0C<\/p>\n<p>Mechanically and chemically resilient<\/p>\n                                                                <\/div>\n                                                            <\/div>\n                                                            <div class=\"button-box\">\n                                                                                                                                                                                            <\/div>\n                                                        <\/div>\n                                                                                                                                                <\/div>\n                                        <\/div>\n                                    <\/div>\n                                <\/div>\n                            <\/div>\n                                                            \n            \n\n        \n\n\n    <\/div>\n\n\n\n<div style=\"height:100px\" aria-hidden=\"true\" class=\"wp-block-spacer\"><\/div>\n\n\n\n\n<div id=\"bild-text-modul-rechts-zweizeilig-block_7001028b3cee4216f9b1baec0075e144\" class=\"bild-text-modul-zweizeilig-container\">\n            \n            \n\n\n            \n\n                                    \n                                                    <div class=\"bild-text-modul-rechts-zweizeilig bild-text-modul-zweizeilig\">\n                                <div class=\"custom-flex-box\">\n                                    <div class=\"flex-box-fifty text-container reveal reveal-left\">\n                                        <div class=\"headline-border\"><\/div>\n                                        <div class=\"text-container-flex\">\n                                            <div class=\"text-inner\">\n\n                                                                                                                                                            <div class=\"text-left-border\">\n                                                            <div class=\"text-cut\">\n                                                                <h2>Paint protection for drive components Cardan drive and side shafts<\/h2>\n                                                                <div class=\"normal-font full-text\">\n                                                                    <p>Corrosion protection and mechanical resistance according to the specifications of the automotive industry<\/p>\n<p><strong>Rockfall<\/strong><\/p>\n<p>Stone impact resistance test: DIN EN ISO 20567-1:2007, method B up to 2 kg<\/p>\n                                                                <\/div>\n                                                            <\/div>\n                                                            <div class=\"button-box\">\n                                                                                                                                                                                            <\/div>\n                                                        <\/div>\n                                                                                                    \n                                            <\/div>\n                                        <\/div>\n                                    <\/div>\n                                    <div class=\"flex-box-fifty bild-container reveal reveal-right\">\n                                                                                    \n                                                                                                                                                                                                                                                                    <img decoding=\"async\" width=\"1920\" height=\"1280\" src=\"https:\/\/www.weckerle-lacke.de\/wp-content\/uploads\/sites\/6\/2024\/03\/iStock-2011376198.jpg\" class=\"attachment-full size-full\" alt=\"Weckerle bietet Ihnen Lackschutz f\u00fcr den Weckerle bietet Ihnen Lackschutz f\u00fcr den Bereich Bau und Landmaschinen an. Das Bild zeigt einen Drehmomentmotor neben der Kardanwelle\" srcset=\"https:\/\/www.weckerle-lacke.de\/wp-content\/uploads\/sites\/6\/2024\/03\/iStock-2011376198.jpg 1920w, https:\/\/www.weckerle-lacke.de\/wp-content\/uploads\/sites\/6\/2024\/03\/iStock-2011376198-300x200.jpg 300w, https:\/\/www.weckerle-lacke.de\/wp-content\/uploads\/sites\/6\/2024\/03\/iStock-2011376198-1024x683.jpg 1024w, https:\/\/www.weckerle-lacke.de\/wp-content\/uploads\/sites\/6\/2024\/03\/iStock-2011376198-768x512.jpg 768w, https:\/\/www.weckerle-lacke.de\/wp-content\/uploads\/sites\/6\/2024\/03\/iStock-2011376198-1536x1024.jpg 1536w\" sizes=\"(max-width: 1920px) 100vw, 1920px\" \/>                                                                                                    \n                                                                                                                        <\/div>\n                                <\/div>\n                            <\/div>\n                                                            \n            \n\n        \n\n\n    <\/div>\n\n\n\n<div style=\"height:100px\" aria-hidden=\"true\" class=\"wp-block-spacer\"><\/div>\n\n\n\n\n<div id=\"bild-text-modul-rechts-zweizeilig-block_fd79d0ece8bb99c6f98c46373950643f\" class=\"bild-text-modul-zweizeilig-container\">\n            \n            \n\n\n            \n\n\n                                    \n\n                                                    <div class=\"bild-text-modul-links-zweizeilig bild-text-modul-zweizeilig\">\n                                <div class=\"custom-flex-box\">\n\n                                    <div class=\"flex-box-fifty bild-container reveal reveal-left\">\n                                                                                    \n                                                                                                                                                                                                                                                                    <img decoding=\"async\" width=\"1920\" height=\"1433\" src=\"https:\/\/www.weckerle-lacke.de\/wp-content\/uploads\/sites\/6\/2023\/02\/HVAC12_1.jpg\" class=\"attachment-full size-full\" alt=\"Weckerle bietet Ihnen Lackschutz f\u00fcr den Weckerle bietet Ihnen Lackschutz f\u00fcr den Bereich Bau und Landmaschinen an. Das Bild zeigt einen K\u00fchlergrill\" srcset=\"https:\/\/www.weckerle-lacke.de\/wp-content\/uploads\/sites\/6\/2023\/02\/HVAC12_1.jpg 1920w, https:\/\/www.weckerle-lacke.de\/wp-content\/uploads\/sites\/6\/2023\/02\/HVAC12_1-300x224.jpg 300w, https:\/\/www.weckerle-lacke.de\/wp-content\/uploads\/sites\/6\/2023\/02\/HVAC12_1-1024x764.jpg 1024w, https:\/\/www.weckerle-lacke.de\/wp-content\/uploads\/sites\/6\/2023\/02\/HVAC12_1-768x573.jpg 768w, https:\/\/www.weckerle-lacke.de\/wp-content\/uploads\/sites\/6\/2023\/02\/HVAC12_1-1536x1146.jpg 1536w\" sizes=\"(max-width: 1920px) 100vw, 1920px\" \/>                                                                                                    \n                                                                                                                        <\/div>\n\n                                    <div class=\"flex-box-fifty text-container reveal reveal-right\">\n                                        <div class=\"headline-border\"><\/div>\n                                        <div class=\"text-container-flex\">\n                                            <div class=\"text-inner\">\n                                                                                                                                                            <div class=\"text-left-border\">\n                                                            <div class=\"text-cut\">\n                                                                <h2>Paint protection for cooling and air conditioning<\/h2>\n                                                                <div class=\"normal-font\">\n                                                                                                                                    <\/div>\n                                                            <\/div>\n                                                            <div class=\"button-box\">\n                                                                                                                                                                                                    <a href=\"https:\/\/www.weckerle-lacke.de\/en\/industries-applications\/hvac-special-coatings\/\" target=\"\" class=\"load-more-button\">HVAC &amp; Specialty Coatings<\/a>\n                                                                                                                            <\/div>\n                                                        <\/div>\n                                                                                                                                                <\/div>\n                                        <\/div>\n                                    <\/div>\n                                <\/div>\n                            <\/div>\n                                                            \n            \n\n        \n\n\n    <\/div>\n\n\n\n<div style=\"height:100px\" aria-hidden=\"true\" class=\"wp-block-spacer\"><\/div>\n\n\n\n\n<div id=\"bild-text-modul-rechts-zweizeilig-block_50c130dfa0515e1a505b9d5709064300\" class=\"bild-text-modul-zweizeilig-container\">\n            \n            \n\n\n            \n\n                                    \n                                                    <div class=\"bild-text-modul-rechts-zweizeilig bild-text-modul-zweizeilig\">\n                                <div class=\"custom-flex-box\">\n                                    <div class=\"flex-box-fifty text-container reveal reveal-left\">\n                                        <div class=\"headline-border\"><\/div>\n                                        <div class=\"text-container-flex\">\n                                            <div class=\"text-inner\">\n\n                                                                                                                                                            <div class=\"text-left-border\">\n                                                            <div class=\"text-cut\">\n                                                                <h2>Paint protection in the e-mobility sector Battery housings and covers<\/h2>\n                                                                <div class=\"normal-font\">\n                                                                    <p>For this new segment, paint systems are offered that can withstand heat loads of up to 1,000\u00b0C. The dielectric strength on the test panels reached values of<br \/>\nof 1250V (unloaded) and 1150V (after 10 min 900\u00b0C heat-loaded)<\/p>\n                                                                <\/div>\n                                                            <\/div>\n                                                            <div class=\"button-box\">\n                                                                                                                                                                                            <\/div>\n                                                        <\/div>\n                                                                                                    \n                                            <\/div>\n                                        <\/div>\n                                    <\/div>\n                                    <div class=\"flex-box-fifty bild-container reveal reveal-right\">\n                                                                                    \n                                                                                                                                                                                                                                                                    <img decoding=\"async\" width=\"1920\" height=\"1280\" src=\"https:\/\/www.weckerle-lacke.de\/wp-content\/uploads\/sites\/6\/2024\/03\/iStock-1479286402.jpg\" class=\"attachment-full size-full\" alt=\"Weckerle bietet Ihnen Lackschutz f\u00fcr den Weckerle bietet Ihnen Lackschutz f\u00fcr den Bereich Bau und Landmaschinen an. Das Bild zeigt ein Batteriegeh\u00e4use Elektrofahrzeug\" srcset=\"https:\/\/www.weckerle-lacke.de\/wp-content\/uploads\/sites\/6\/2024\/03\/iStock-1479286402.jpg 1920w, https:\/\/www.weckerle-lacke.de\/wp-content\/uploads\/sites\/6\/2024\/03\/iStock-1479286402-300x200.jpg 300w, https:\/\/www.weckerle-lacke.de\/wp-content\/uploads\/sites\/6\/2024\/03\/iStock-1479286402-1024x683.jpg 1024w, https:\/\/www.weckerle-lacke.de\/wp-content\/uploads\/sites\/6\/2024\/03\/iStock-1479286402-768x512.jpg 768w, https:\/\/www.weckerle-lacke.de\/wp-content\/uploads\/sites\/6\/2024\/03\/iStock-1479286402-1536x1024.jpg 1536w\" sizes=\"(max-width: 1920px) 100vw, 1920px\" \/>                                                                                                    \n                                                                                                                        <\/div>\n                                <\/div>\n                            <\/div>\n                                                            \n            \n\n        \n\n\n    <\/div>\n\n\n\n<div style=\"height:100px\" aria-hidden=\"true\" class=\"wp-block-spacer\"><\/div>\n\n\n\n\n<div id=\"bild-text-modul-rechts-zweizeilig-block_cf6e7254b9014dd8cad8cee840e92421\" class=\"bild-text-modul-zweizeilig-container\">\n            \n            \n\n\n            \n\n\n                                    \n\n                                                    <div class=\"bild-text-modul-links-zweizeilig bild-text-modul-zweizeilig\">\n                                <div class=\"custom-flex-box\">\n\n                                    <div class=\"flex-box-fifty bild-container reveal reveal-left\">\n                                                                                    \n                                                                                                                                                                                                                                                                    <img decoding=\"async\" width=\"1920\" height=\"1080\" src=\"https:\/\/www.weckerle-lacke.de\/wp-content\/uploads\/sites\/6\/2024\/03\/Gemischtes-Design.gif\" class=\"attachment-full size-full\" alt=\"Zierleisten\nDachreeling\nSchweller\nPark- und Abstandssensoren\nEndrohrblenden\nChassis- Schutzlacksysteme\nSpoiler\n\nHead-Up-Displays\nMittelkonsole\nVerkleidung - und Armaturen\" \/>                                                                                                    \n                                                                                                                        <\/div>\n\n                                    <div class=\"flex-box-fifty text-container reveal reveal-right\">\n                                        <div class=\"headline-border\"><\/div>\n                                        <div class=\"text-container-flex\">\n                                            <div class=\"text-inner\">\n                                                                                                                                                            <div class=\"text-left-border\">\n                                                            <div class=\"text-cut\">\n                                                                <h2>Paint protection for functional and decorative exterior and interior components<\/h2>\n                                                                <div class=\"normal-font\">\n                                                                                                                                    <\/div>\n                                                            <\/div>\n                                                            <div class=\"button-box\">\n                                                                                                                                                                                            <\/div>\n                                                        <\/div>\n                                                                                                                                                <\/div>\n                                        <\/div>\n                                    <\/div>\n                                <\/div>\n                            <\/div>\n                                                            \n            \n\n        \n\n\n    <\/div>\n\n\n\n<div style=\"height:100px\" aria-hidden=\"true\" class=\"wp-block-spacer\"><\/div>\n\n\n\n\n<div id=\"bild-text-modul-rechts-zweizeilig-block_9f3c770e9e297ae2d54e39eba879c890\" class=\"bild-text-modul-zweizeilig-container\">\n            \n            \n\n\n            \n\n                                    \n                                                    <div class=\"bild-text-modul-rechts-zweizeilig bild-text-modul-zweizeilig\">\n                                <div class=\"custom-flex-box\">\n                                    <div class=\"flex-box-fifty text-container reveal reveal-left\">\n                                        <div class=\"headline-border\"><\/div>\n                                        <div class=\"text-container-flex\">\n                                            <div class=\"text-inner\">\n\n                                                                                                                                                            <div class=\"text-left-border\">\n                                                            <div class=\"text-cut\">\n                                                                <h2>Paint protection for chassis components, axle carriers and add-on components<\/h2>\n                                                                <div class=\"normal-font\">\n                                                                    <p>In many cases, the obilgatory CDP coating is no longer sufficient. For additional protection against stone chipping, we offer systems that allow a coating thickness of up to 500 \u00b5m and provide excellent corrosion protection together with the CDP coatings available on the market. Our latest development, our ERS system, offers extremely fast drying at room temperature and also with unfavorable drying parameters.<\/p>\n                                                                <\/div>\n                                                            <\/div>\n                                                            <div class=\"button-box\">\n                                                                                                                                                                                            <\/div>\n                                                        <\/div>\n                                                                                                    \n                                            <\/div>\n                                        <\/div>\n                                    <\/div>\n                                    <div class=\"flex-box-fifty bild-container reveal reveal-right\">\n                                                                                    \n                                                                                                                                                                                                                                                                    <img decoding=\"async\" width=\"1920\" height=\"1440\" src=\"https:\/\/www.weckerle-lacke.de\/wp-content\/uploads\/sites\/6\/2024\/03\/iStock-959598432.jpg\" class=\"attachment-full size-full\" alt=\"Weckerle bietet Ihnen Lackschutz f\u00fcr den Weckerle bietet Ihnen Lackschutz f\u00fcr den Bereich Bau und Landmaschinen an. Das Bild zeigt ein Batteriegeh\u00e4use Elektrofahrzeug\" srcset=\"https:\/\/www.weckerle-lacke.de\/wp-content\/uploads\/sites\/6\/2024\/03\/iStock-959598432.jpg 1920w, https:\/\/www.weckerle-lacke.de\/wp-content\/uploads\/sites\/6\/2024\/03\/iStock-959598432-300x225.jpg 300w, https:\/\/www.weckerle-lacke.de\/wp-content\/uploads\/sites\/6\/2024\/03\/iStock-959598432-1024x768.jpg 1024w, https:\/\/www.weckerle-lacke.de\/wp-content\/uploads\/sites\/6\/2024\/03\/iStock-959598432-768x576.jpg 768w, https:\/\/www.weckerle-lacke.de\/wp-content\/uploads\/sites\/6\/2024\/03\/iStock-959598432-1536x1152.jpg 1536w\" sizes=\"(max-width: 1920px) 100vw, 1920px\" \/>                                                                                                    \n                                                                                                                        <\/div>\n                                <\/div>\n                            <\/div>\n                                                            \n            \n\n        \n\n\n    <\/div>\n\n\n\n<div style=\"height:100px\" aria-hidden=\"true\" class=\"wp-block-spacer\"><\/div>\n\n\n\n<div style=\"height:100px\" aria-hidden=\"true\" class=\"wp-block-spacer\"><\/div>\n\n\n\n<div style=\"height:100px\" aria-hidden=\"true\" class=\"wp-block-spacer\"><\/div>\n\n\n\r\n<script type=\"application\/javascript\">\r\n    var sliderid = \"block_069e7426c023012ec6c9c22813a031b5\";\r\n    jQuery(document).ready(function($){\r\n        $('#'+sliderid).slick({\r\n            infinite: true,\r\n            dots: false,\r\n            lazyLoad: 'ondemand',\r\n            autoplay: true,\r\n            autoplaySpeed: 3000,\r\n            arrows: false,\r\n            fade: false,\r\n            speed: 500,\r\n            pauseOnHover: false,\r\n            slidesToScroll: 1,\r\n            variableWidth: true,\r\n            centerMode: true,\r\n        });\r\n    });\r\n<\/script>\r\n\r\n<div id=\"bild-text-ueberschrift-text-block_069e7426c023012ec6c9c22813a031b5\" class=\"header-ueberschrift-text-container content-ueberschrift-text-container logo-slider\">\r\n\r\n    <div class=\"headline-container reveal reveal-bottom \">\r\n        <h2 class=\"headline-border-left-right\">Customers from the field<br \/>\nConstruction industry<\/h2>\r\n    <\/div>\r\n            <div class=\"inner\">\r\n                        <div class=\"normal-font reveal reveal-bottom long-width  \"><p>Quality-conscious manufacturers of building materials rely on coatings from Weckerle.<\/p>\n<\/div>\r\n        <\/div>\r\n    \r\n            <div id=\"block_069e7426c023012ec6c9c22813a031b5\" class=\"logo-carousel reveal reveal-bottom\">\r\n            \r\n                <div class=\"logo-slide small\">\r\n                                                                                    <img decoding=\"async\" width=\"340\" height=\"148\" src=\"https:\/\/www.weckerle-lacke.de\/wp-content\/uploads\/sites\/6\/2023\/02\/Dueker.png\" class=\"attachment-full size-full\" alt=\"\" srcset=\"https:\/\/www.weckerle-lacke.de\/wp-content\/uploads\/sites\/6\/2023\/02\/Dueker.png 340w, https:\/\/www.weckerle-lacke.de\/wp-content\/uploads\/sites\/6\/2023\/02\/Dueker-300x131.png 300w\" sizes=\"(max-width: 340px) 100vw, 340px\" \/>                                    <\/div>\r\n            \r\n                <div class=\"logo-slide small\">\r\n                                                                                    <img decoding=\"async\" width=\"148\" height=\"65\" src=\"https:\/\/www.weckerle-lacke.de\/wp-content\/uploads\/sites\/6\/2023\/02\/Quality-C.jpg\" class=\"attachment-full size-full\" alt=\"\" \/>                                    <\/div>\r\n            \r\n                <div class=\"logo-slide small\">\r\n                                                                                    <img decoding=\"async\" width=\"238\" height=\"180\" src=\"https:\/\/www.weckerle-lacke.de\/wp-content\/uploads\/sites\/6\/2023\/02\/bayrtc_edited.jpg\" class=\"attachment-full size-full\" alt=\"\" \/>                                    <\/div>\r\n            \r\n                <div class=\"logo-slide small\">\r\n                                                                                    <img decoding=\"async\" width=\"554\" height=\"91\" src=\"https:\/\/www.weckerle-lacke.de\/wp-content\/uploads\/sites\/6\/2023\/02\/HESS-Group.png\" class=\"attachment-full size-full\" alt=\"\" srcset=\"https:\/\/www.weckerle-lacke.de\/wp-content\/uploads\/sites\/6\/2023\/02\/HESS-Group.png 554w, https:\/\/www.weckerle-lacke.de\/wp-content\/uploads\/sites\/6\/2023\/02\/HESS-Group-300x49.png 300w\" sizes=\"(max-width: 554px) 100vw, 554px\" \/>                                    <\/div>\r\n            \r\n                <div class=\"logo-slide small\">\r\n                                                                                    <img decoding=\"async\" width=\"225\" height=\"225\" src=\"https:\/\/www.weckerle-lacke.de\/wp-content\/uploads\/sites\/6\/2023\/02\/acico_edited.jpg\" class=\"attachment-full size-full\" alt=\"\" srcset=\"https:\/\/www.weckerle-lacke.de\/wp-content\/uploads\/sites\/6\/2023\/02\/acico_edited.jpg 225w, https:\/\/www.weckerle-lacke.de\/wp-content\/uploads\/sites\/6\/2023\/02\/acico_edited-150x150.jpg 150w\" sizes=\"(max-width: 225px) 100vw, 225px\" \/>                                    <\/div>\r\n                    <\/div>\r\n    <\/div>\n\n\n<div style=\"height:100px\" aria-hidden=\"true\" class=\"wp-block-spacer\"><\/div>\n\n\n\r\n<div id=\"bild-modul-1-2-quicklink-block_6272463d91157\" class=\"bild-modul-1-2-quicklink-container inner\">\r\n    <div class=\"custom-flex-box flex-mobile\">\r\n                    \r\n        \r\n                                                    <a href=\"https:\/\/www.weckerle-lacke.de\/en\/sustainability\/\" class=\"flex-box-fifty flex-mobile-fifty single-box reveal reveal-bottom\">\r\n                \r\n                        <div class=\"content\">\r\n                            <h3>SUSTAINABILITY<\/h3>\r\n                        <\/div>\r\n                        <div class=\"gradient\"><\/div>\r\n\r\n                                                                                                                                            <img decoding=\"async\" width=\"800\" height=\"520\" src=\"https:\/\/www.weckerle-lacke.de\/wp-content\/uploads\/sites\/6\/2023\/02\/Kugel-links-800x520.jpg\" class=\"attachment-bild-modul-1-2-quicklink-bild size-bild-modul-1-2-quicklink-bild\" alt=\"\" \/>                                                    \r\n\r\n\r\n                                    <\/a>\r\n                \r\n            \r\n        \r\n                                                    <a href=\"https:\/\/www.weckerle-lacke.de\/en\/contact\/\" class=\"flex-box-fifty flex-mobile-fifty single-box reveal reveal-bottom\">\r\n                \r\n                        <div class=\"content\">\r\n                            <h3>Get<br \/>\nin touch<\/h3>\r\n                        <\/div>\r\n                        <div class=\"gradient\"><\/div>\r\n\r\n                                                                                                                                            <img decoding=\"async\" width=\"800\" height=\"520\" src=\"https:\/\/www.weckerle-lacke.de\/wp-content\/uploads\/sites\/6\/2023\/02\/Laptop-Bruecke-1-800x520.jpg\" class=\"attachment-bild-modul-1-2-quicklink-bild size-bild-modul-1-2-quicklink-bild\" alt=\"\" \/>                                                    \r\n\r\n\r\n                                    <\/a>\r\n                \r\n                        <\/div>\r\n<\/div>","protected":false},"excerpt":{"rendered":"","protected":false},"author":17,"featured_media":0,"parent":3768,"menu_order":5,"comment_status":"closed","ping_status":"closed","template":"","meta":{"_acf_changed":false,"footnotes":""},"class_list":["post-3780","page","type-page","status-publish","hentry"],"acf":[],"_links":{"self":[{"href":"https:\/\/www.weckerle-lacke.de\/en\/wp-json\/wp\/v2\/pages\/3780","targetHints":{"allow":["GET"]}}],"collection":[{"href":"https:\/\/www.weckerle-lacke.de\/en\/wp-json\/wp\/v2\/pages"}],"about":[{"href":"https:\/\/www.weckerle-lacke.de\/en\/wp-json\/wp\/v2\/types\/page"}],"author":[{"embeddable":true,"href":"https:\/\/www.weckerle-lacke.de\/en\/wp-json\/wp\/v2\/users\/17"}],"replies":[{"embeddable":true,"href":"https:\/\/www.weckerle-lacke.de\/en\/wp-json\/wp\/v2\/comments?post=3780"}],"version-history":[{"count":10,"href":"https:\/\/www.weckerle-lacke.de\/en\/wp-json\/wp\/v2\/pages\/3780\/revisions"}],"predecessor-version":[{"id":6041,"href":"https:\/\/www.weckerle-lacke.de\/en\/wp-json\/wp\/v2\/pages\/3780\/revisions\/6041"}],"up":[{"embeddable":true,"href":"https:\/\/www.weckerle-lacke.de\/en\/wp-json\/wp\/v2\/pages\/3768"}],"wp:attachment":[{"href":"https:\/\/www.weckerle-lacke.de\/en\/wp-json\/wp\/v2\/media?parent=3780"}],"curies":[{"name":"wp","href":"https:\/\/api.w.org\/{rel}","templated":true}]}}